{"id":327,"date":"2020-09-07T17:45:01","date_gmt":"2020-09-07T15:45:01","guid":{"rendered":"https:\/\/sipadi.umh.es\/?page_id=327"},"modified":"2021-10-04T20:10:08","modified_gmt":"2021-10-04T18:10:08","slug":"inicio","status":"publish","type":"page","link":"https:\/\/sipadi.umh.es\/en\/","title":{"rendered":"inicio"},"content":{"rendered":"<p>[et_pb_section fb_built=&#8221;1&#8243; _builder_version=&#8221;4.2.2&#8243;][et_pb_row _builder_version=&#8221;4.2.2&#8243;][et_pb_column type=&#8221;4_4&#8243; _builder_version=&#8221;4.2.2&#8243;][et_pb_text _builder_version=&#8221;4.2.2&#8243; text_font=&#8221;Lato||||||||&#8221; text_text_color=&#8221;#ffffff&#8221; text_font_size=&#8221;15px&#8221; background_color=&#8221;#000000&#8243; text_orientation=&#8221;center&#8221; width=&#8221;100%&#8221; max_width=&#8221;100%&#8221; module_alignment=&#8221;center&#8221;]<\/p>\n<p class=\"MsoNormal\" style=\"margin: 0cm 0cm 0.0001pt;font-size: 12pt;font-family: 'Times New Roman', serif\"><span style=\"font-size: 14pt;font-family: Calibri, sans-serif\">II SEMINARIO INTERNACIONAL SOBRE NUEVAS PROPUESTAS DESDE EL ARTE EN LA DOCENCIA E INVESTIGACI\u00d3N<\/span><\/p>\n<p>[\/et_pb_text][\/et_pb_column][\/et_pb_row][et_pb_row column_structure=&#8221;3_5,2_5&#8243; _builder_version=&#8221;4.2.2&#8243; collapsed=&#8221;off&#8221;][et_pb_column type=&#8221;3_5&#8243; _builder_version=&#8221;4.2.2&#8243;][et_pb_text _builder_version=&#8221;4.2.2&#8243; text_font=&#8221;Lato||||||||&#8221; text_text_color=&#8221;#000000&#8243; text_letter_spacing=&#8221;1px&#8221; background_color=&#8221;#ADFF2F&#8221; width=&#8221;72%&#8221;]<\/p>\n<p class=\"MsoNormal\" style=\"margin: 0cm 0cm 0.0001pt;font-size: 1pt;font-family: LATO, sans-serif;padding-left: 30px\"><span style=\"font-size: x-large\">SIPADI es un <strong>espacio online cr\u00edtico<\/strong> de la <a href=\"campusaltea.edu.umh.es\" target=\"_blank\" rel=\"noopener noreferrer\">Facultad de Bellas Artes de Altea<\/a>.<\/span><\/p>\n<p class=\"MsoNormal\" style=\"margin: 0cm 0cm 0.0001pt;font-size: 1pt;font-family: LATO, sans-serif;padding-left: 30px\"><span style=\"font-size: x-large\"><\/span><\/p>\n<p class=\"MsoNormal\" style=\"margin: 0cm 0cm 0.0001pt;font-size: 1pt;font-family: LATO, sans-serif;padding-left: 30px\"><span style=\"font-size: x-large\"><\/span><\/p>\n<p class=\"MsoNormal\" style=\"margin: 0cm 0cm 0.0001pt;font-size: 1pt;font-family: LATO, sans-serif;padding-left: 30px\"><span style=\"font-size: x-large\"><\/span><\/p>\n<p class=\"MsoNormal\" style=\"margin: 0cm 0cm 0.0001pt;font-size: 1pt;font-family: LATO, sans-serif;padding-left: 30px\"><span style=\"font-size: x-large\"><\/span><\/p>\n<p class=\"MsoNormal\" style=\"margin: 0cm 0cm 0.0001pt;font-size: 1pt;font-family: LATO, sans-serif;padding-left: 30px\"><span style=\"font-size: x-large\"><\/span><\/p>\n<p class=\"MsoNormal\" style=\"margin: 0cm 0cm 0.0001pt;font-size: 1pt;font-family: LATO, sans-serif;padding-left: 30px\"><span style=\"font-size: x-large\"><\/span><\/p>\n<p class=\"MsoNormal\" style=\"margin: 0cm 0cm 0.0001pt;font-size: 1pt;font-family: LATO, sans-serif;padding-left: 30px\"><span style=\"font-size: x-large\"><\/span><\/p>\n<p class=\"MsoNormal\" style=\"margin: 0cm 0cm 0.0001pt;font-size: 1pt;font-family: LATO, sans-serif;padding-left: 30px\"><span style=\"font-size: x-large\"><\/span><\/p>\n<p class=\"MsoNormal\" style=\"margin: 0cm 0cm 0.0001pt;font-size: 1pt;font-family: LATO, sans-serif;padding-left: 30px\"><span style=\"font-size: x-large\"><\/span><\/p>\n<p class=\"MsoNormal\" style=\"margin: 0cm 0cm 0.0001pt;font-size: 14pt;font-family: Calibri, sans-serif\">\n<p>[\/et_pb_text][et_pb_text _builder_version=&#8221;4.2.2&#8243; text_font=&#8221;Lato||||||||&#8221; text_text_color=&#8221;#000000&#8243; text_letter_spacing=&#8221;1px&#8221; background_color=&#8221;#ADFF2F&#8221; width=&#8221;72%&#8221;]<\/p>\n<p class=\"MsoNormal\" style=\"margin: 0cm 0cm 0.0001pt;font-size: 1pt;font-family: LATO, sans-serif;padding-left: 30px\"><span style=\"font-size: x-large\">SIPADI es una herramienta <a href=\"umh.es\" target=\"_blank\" rel=\"noopener noreferrer\">UMH<\/a> para propiciar la <strong>reflexi\u00f3n<\/strong> y el <strong>debate<\/strong> sobre las relaciones entre el Arte, la Investigaci\u00f3n y la Docencia, desde un enfoque transversal e integrador, y de manera multilocalizada.<\/span><\/p>\n<p class=\"MsoNormal\" style=\"margin: 0cm 0cm 0.0001pt;font-size: 1pt;font-family: LATO, sans-serif;padding-left: 30px\"><span style=\"font-size: x-large\"><\/span><\/p>\n<p class=\"MsoNormal\" style=\"margin: 0cm 0cm 0.0001pt;font-size: 1pt;font-family: LATO, sans-serif;padding-left: 30px\"><span style=\"font-size: x-large\"><\/span><\/p>\n<p class=\"MsoNormal\" style=\"margin: 0cm 0cm 0.0001pt;font-size: 1pt;font-family: LATO, sans-serif;padding-left: 30px\"><span style=\"font-size: x-large\"><\/span><\/p>\n<p class=\"MsoNormal\" style=\"margin: 0cm 0cm 0.0001pt;font-size: 1pt;font-family: LATO, sans-serif;padding-left: 30px\"><span style=\"font-size: x-large\"><\/span><\/p>\n<p class=\"MsoNormal\" style=\"margin: 0cm 0cm 0.0001pt;font-size: 1pt;font-family: LATO, sans-serif;padding-left: 30px\"><span style=\"font-size: x-large\"><\/span><\/p>\n<p class=\"MsoNormal\" style=\"margin: 0cm 0cm 0.0001pt;font-size: 1pt;font-family: LATO, sans-serif;padding-left: 30px\"><span style=\"font-size: x-large\"><\/span><\/p>\n<p class=\"MsoNormal\" style=\"margin: 0cm 0cm 0.0001pt;font-size: 1pt;font-family: LATO, sans-serif;padding-left: 30px\"><span style=\"font-size: x-large\"><\/span><\/p>\n<p class=\"MsoNormal\" style=\"margin: 0cm 0cm 0.0001pt;font-size: 1pt;font-family: LATO, sans-serif;padding-left: 30px\"><span style=\"font-size: x-large\"><\/span><\/p>\n<p class=\"MsoNormal\" style=\"margin: 0cm 0cm 0.0001pt;font-size: 1pt;font-family: LATO, sans-serif;padding-left: 30px\"><span style=\"font-size: x-large\"><\/span><\/p>\n<p class=\"MsoNormal\" style=\"margin: 0cm 0cm 0.0001pt;font-size: 1pt;font-family: LATO, sans-serif;padding-left: 30px\"><span style=\"font-size: x-large\"><\/span><\/p>\n<p class=\"MsoNormal\" style=\"margin: 0cm 0cm 0.0001pt;font-size: 1pt;font-family: LATO, sans-serif;padding-left: 30px\"><span style=\"font-size: x-large\"><\/span><\/p>\n<p class=\"MsoNormal\" style=\"margin: 0cm 0cm 0.0001pt;font-size: 1pt;font-family: LATO, sans-serif;padding-left: 30px\"><span style=\"font-size: x-large\"><\/span><\/p>\n<p class=\"MsoNormal\" style=\"margin: 0cm 0cm 0.0001pt;font-size: 14pt;font-family: Calibri, sans-serif\">\n<p>[\/et_pb_text][\/et_pb_column][et_pb_column type=&#8221;2_5&#8243; _builder_version=&#8221;4.2.2&#8243;][et_pb_image src=&#8221;https:\/\/sipadi.umh.es\/files\/2021\/07\/1_1_v2.png&#8221; admin_label=&#8221;Imagen&#8221; _builder_version=&#8221;4.2.2&#8243;][\/et_pb_image][\/et_pb_column][\/et_pb_row][et_pb_row column_structure=&#8221;2_5,3_5&#8243; _builder_version=&#8221;4.2.2&#8243;][et_pb_column type=&#8221;2_5&#8243; _builder_version=&#8221;4.2.2&#8243;][et_pb_image src=&#8221;https:\/\/sipadi.umh.es\/files\/2021\/07\/logosimbolo-rosa-16.png&#8221; url=&#8221;http:\/\/mueca.edu.umh.es&#8221; url_new_window=&#8221;on&#8221; _builder_version=&#8221;4.2.2&#8243; width=&#8221;92%&#8221; max_width=&#8221;100%&#8221;][\/et_pb_image][et_pb_image src=&#8221;https:\/\/sipadi.umh.es\/files\/2021\/09\/EMOJI02_2.png&#8221; url=&#8221;http:\/\/mueca.edu.umh.es&#8221; url_new_window=&#8221;on&#8221; _builder_version=&#8221;4.2.2&#8243; width=&#8221;92%&#8221; max_width=&#8221;100%&#8221;][\/et_pb_image][\/et_pb_column][et_pb_column type=&#8221;3_5&#8243; _builder_version=&#8221;4.2.2&#8243;][et_pb_text _builder_version=&#8221;4.2.2&#8243; text_font=&#8221;Lato||||||||&#8221; text_text_color=&#8221;#000000&#8243; text_letter_spacing=&#8221;1px&#8221; background_color=&#8221;#ADFF2F&#8221;]<\/p>\n<p style=\"padding-left: 30px\"><span style=\"font-size: large\">Esta II edici\u00f3n del seminario gira alrededor de la propuesta investigadora y docente de su m\u00e1ster <strong>MUECA :S<\/strong> &#8211; <em>M\u00e1ster en Estudios Culturales y Artes Visuales (perspectivas feministas y cuir\/queer)<\/em>.<\/span><\/p>\n<p style=\"padding-left: 30px\">\u00a0<\/p>\n<p>[\/et_pb_text][et_pb_text _builder_version=&#8221;4.2.2&#8243; text_font=&#8221;Lato||||||||&#8221; text_text_color=&#8221;#000000&#8243; text_letter_spacing=&#8221;1px&#8221; background_color=&#8221;#ADFF2F&#8221;]<\/p>\n<p style=\"padding-left: 30px\"><span style=\"font-size: large\"><\/span><\/p>\n<p style=\"padding-left: 30px\"><span style=\"font-size: large\">Tendr\u00e1 lugar el <strong>jueves 21 y el viernes 22 de octubre de 2021<\/strong> en horario de tarde (<a href=\"https:\/\/sipadi.umh.es\/programa\/\">programa cient\u00edfico<\/a>).<\/span><\/p>\n<p style=\"padding-left: 30px\">\n<p>[\/et_pb_text][et_pb_text _builder_version=&#8221;4.2.2&#8243; text_font=&#8221;Lato||||||||&#8221; text_text_color=&#8221;#000000&#8243; text_font_size=&#8221;16px&#8221; text_letter_spacing=&#8221;1px&#8221; background_color=&#8221;rgba(255,0,136,0.47)&#8221;]<\/p>\n<p class=\"MsoNormal\" style=\"margin: 0cm 0cm 0.0001pt;font-size: 14pt;font-family: Lato;padding-left: 30px\"><span style=\"font-family: Lato\">Pone el acento en el <strong>potencial transformador<\/strong> del estudiantado de las cuatro primeras ediciones del m&aacute;ster, a partir de una selecci&oacute;n de trabajos acad&eacute;micos de las diferentes materias.<\/span><\/p>\n<p class=\"MsoNormal\" style=\"margin: 0cm 0cm 0.0001pt;font-size: 14pt;font-family: Lato;padding-left: 30px\">&nbsp;<\/p>\n<p>[\/et_pb_text][et_pb_text _builder_version=&#8221;4.2.2&#8243; text_font=&#8221;Lato||||||||&#8221; text_text_color=&#8221;#000000&#8243; text_font_size=&#8221;16px&#8221; text_letter_spacing=&#8221;1px&#8221; background_color=&#8221;rgba(255,0,136,0.47)&#8221; custom_padding=&#8221;||0px|||&#8221;]<\/p>\n<p class=\"MsoNormal\" style=\"margin: 0cm 0cm 0.0001pt;font-size: 14pt;font-family: Lato;padding-left: 30px\"><span style=\"font-family: Lato\">Las cinco materias vertebran, en formato de mesas redondas para el <strong>di\u00e1logo<\/strong>, el programa de este foro virtual.<\/span><\/p>\n<p class=\"MsoNormal\" style=\"margin: 0cm 0cm 0.0001pt;font-size: 14pt;font-family: Lato;padding-left: 30px\"><span style=\"font-family: Lato\"><\/span><\/p>\n<p class=\"MsoNormal\" style=\"margin: 0cm 0cm 0.0001pt;font-size: 14pt;font-family: Lato;padding-left: 30px\"><span style=\"font-family: Lato\"><\/span><\/p>\n<p>[\/et_pb_text][et_pb_text _builder_version=&#8221;4.2.2&#8243; text_font=&#8221;Lato||||||||&#8221; text_text_color=&#8221;#000000&#8243; text_font_size=&#8221;18px&#8221; text_letter_spacing=&#8221;1px&#8221; background_color=&#8221;rgba(255,0,136,0.47)&#8221;]<\/p>\n<p style=\"padding-left: 30px\"><span>La compilaci\u00f3n de <strong>propuestas<\/strong>\u00a0se plantea como resultado -parcial y en proceso- de la intersecci\u00f3n del plan de estudios del m\u00e1ster, de las metodolog\u00edas aplicadas, de la acci\u00f3n\/colaboraci\u00f3n del profesorado, y de la producci\u00f3n de miradas y saberes incisivxs, situadxs y oblicuxs de <strong>estudiantes MUECA diversxs<\/strong><\/span>.<\/p>\n<p style=\"padding-left: 30px\">\n<p style=\"padding-left: 30px\">\n<p>[\/et_pb_text][et_pb_text _builder_version=&#8221;4.2.2&#8243; text_font=&#8221;Lato||||||||&#8221; text_text_color=&#8221;#000000&#8243; text_font_size=&#8221;16px&#8221; text_letter_spacing=&#8221;1px&#8221; background_color=&#8221;rgba(255,0,136,0.47)&#8221; inline_fonts=&#8221;Lato&#8221;]<\/p>\n<p class=\"MsoNormal\" style=\"margin: 0cm 0cm 0.0001pt;font-size: 14pt;font-family: Lato;padding-left: 30px\"><span style=\"font-family: Lato\">Supone una <strong>activaci\u00f3n torcida<\/strong> para reflexionar, de manera cr\u00edtica, sobre la generaci\u00f3n, la transferencia y la difusi\u00f3n del conocimiento espec\u00edficas vinculada a una de las 4 l\u00edneas estrat\u00e9gicas del Centro de Investigaci\u00f3n en Artes (CIA) de la UMH: <\/span><\/p>\n<p style=\"padding-left: 60px\"><span style=\"font-size: small\"><strong><span style=\"font-family: Lato\">\u201cProyectos culturales, pr\u00e1cticas art\u00edsticas y pol\u00edticas feministas y cuir\/queer\u201d.<\/span><\/strong><\/span><\/p>\n<p style=\"padding-left: 30px\"><span style=\"font-weight: normal;font-family: Lato;font-size: small\"><\/span><\/p>\n<p class=\"MsoNormal\" style=\"margin: 0cm 0cm 0.0001pt;font-size: 12pt;font-family: Lato;padding-left: 70px\"><span style=\"font-family: Lato;font-size: 12pt\"><\/span><\/p>\n<p>[\/et_pb_text][\/et_pb_column][\/et_pb_row][et_pb_row column_structure=&#8221;2_3,1_3&#8243; _builder_version=&#8221;4.2.2&#8243; background_color=&#8221;#ADFF2F&#8221;][et_pb_column type=&#8221;2_3&#8243; _builder_version=&#8221;4.2.2&#8243;][et_pb_text _builder_version=&#8221;4.2.2&#8243; text_font=&#8221;Lato||||||||&#8221; text_font_size=&#8221;18px&#8221; text_letter_spacing=&#8221;1px&#8221; text_line_height=&#8221;1em&#8221; header_4_font=&#8221;Lato||||||||&#8221; header_4_font_size=&#8221;14px&#8221; header_4_letter_spacing=&#8221;1px&#8221; background_color=&#8221;#ADFF2F&#8221; width=&#8221;76%&#8221; custom_padding=&#8221;||47px|||&#8221; link_option_url=&#8221;https:\/\/bit.ly\/2XSIo0C&#8221; link_option_url_new_window=&#8221;on&#8221; hover_enabled=&#8221;0&#8243; inline_fonts=&#8221;Lato&#8221;]<\/p>\n<h4 style=\"padding-left: 30px\">&nbsp;<\/h4>\n<h4 style=\"padding-left: 30px\">&nbsp;<\/h4>\n<h4 style=\"padding-left: 30px\"><span style=\"font-family: Lato;font-weight: normal;font-size: medium\"><strong>INSCRIPCI&Oacute;N GRATUITA Y ABIERTA <\/strong><\/span><\/h4>\n<h4 style=\"padding-left: 30px\"><span style=\"font-family: Lato;font-weight: normal;font-size: medium\"><strong>PARA TODAS LAS PERSONAS INTERESADAS <\/strong><\/span><\/h4>\n<h4 style=\"padding-left: 30px\"><span style=\"font-family: Lato;font-weight: normal;font-size: medium\"><strong>(reconocimiento de 0,5 ECTS en la UMH)<\/strong><\/span><\/h4>\n<h4 style=\"padding-left: 30px\"><span style=\"font-family: Lato;font-weight: normal;font-size: medium\">Haz <span style=\"text-decoration: underline\">click<\/span> para cumplimentar el formulario<\/span><\/h4>\n<p>[\/et_pb_text][\/et_pb_column][et_pb_column type=&#8221;1_3&#8243; _builder_version=&#8221;4.2.2&#8243;][et_pb_image src=&#8221;https:\/\/sipadi.umh.es\/files\/2021\/07\/DTejero_Confluvium-Benidormense.jpeg&#8221; url=&#8221;http:\/\/mueca.edu.umh.es&#8221; _builder_version=&#8221;4.2.2&#8243; background_color=&#8221;#ADFF2F&#8221;][\/et_pb_image][\/et_pb_column][\/et_pb_row][\/et_pb_section]<\/p>\n","protected":false},"excerpt":{"rendered":"<p>II SEMINARIO INTERNACIONAL SOBRE NUEVAS PROPUESTAS DESDE EL ARTE EN LA DOCENCIA E INVESTIGACI\u00d3NSIPADI es un espacio online cr\u00edtico de la Facultad de Bellas Artes de Altea. SIPADI es una herramienta UMH para propiciar la reflexi\u00f3n y el debate sobre las relaciones entre el Arte, la Investigaci\u00f3n y la Docencia, desde un enfoque transversal e [&hellip;]<\/p>\n","protected":false},"author":5228,"featured_media":0,"parent":0,"menu_order":0,"comment_status":"closed","ping_status":"closed","template":"","meta":{"_et_pb_use_builder":"on","_et_pb_old_content":"","_et_gb_content_width":"","_links_to":"","_links_to_target":""},"_links":{"self":[{"href":"https:\/\/sipadi.umh.es\/en\/wp-json\/wp\/v2\/pages\/327"}],"collection":[{"href":"https:\/\/sipadi.umh.es\/en\/wp-json\/wp\/v2\/pages"}],"about":[{"href":"https:\/\/sipadi.umh.es\/en\/wp-json\/wp\/v2\/types\/page"}],"author":[{"embeddable":true,"href":"https:\/\/sipadi.umh.es\/en\/wp-json\/wp\/v2\/users\/5228"}],"replies":[{"embeddable":true,"href":"https:\/\/sipadi.umh.es\/en\/wp-json\/wp\/v2\/comments?post=327"}],"version-history":[{"count":0,"href":"https:\/\/sipadi.umh.es\/en\/wp-json\/wp\/v2\/pages\/327\/revisions"}],"wp:attachment":[{"href":"https:\/\/sipadi.umh.es\/en\/wp-json\/wp\/v2\/media?parent=327"}],"curies":[{"name":"wp","href":"https:\/\/api.w.org\/{rel}","templated":true}]}}